{"id":10,"date":"2015-11-25T11:04:19","date_gmt":"2015-11-25T10:04:19","guid":{"rendered":"https:\/\/parkings-semepa.fr\/?page_id=10"},"modified":"2023-07-10T13:34:52","modified_gmt":"2023-07-10T12:34:52","slug":"abonnes","status":"publish","type":"page","link":"https:\/\/parkings-semepa.fr\/?page_id=10","title":{"rendered":"Abonn\u00e9s"},"content":{"rendered":"\n<p style=\"text-align: center;\"><span style=\"text-decoration: underline; color: #993300;\"><strong>Notes d&rsquo;Information<\/strong><\/span><br><a href=\"https:\/\/parkings-semepa.fr\/wp-content\/uploads\/2015\/11\/Note_03102018-2.pdf\" target=\"_blank\" rel=\"noopener noreferrer\">Note02<\/a> | <a href=\"https:\/\/parkings-semepa.fr\/wp-content\/uploads\/2015\/11\/Proc_acces_abonnes.pdf\">Proc\u00e9dure acc\u00e8s abonn\u00e9s<\/a><\/p>\n<h15>Chers abonn\u00e9s, Pendant le mois de d\u00e9cembre, notre service d\u2019administration des ventes v\u00e9rifie les documents que vous nous avez transmis pour constituer votre dossier d\u2019ayant droit au statut \u00ab R\u00e9sident \u00bb. La facturation de votre contrat aura lieu d\u00e9but janvier 2021. Si toutefois, une des pi\u00e8ces fournies n\u2019\u00e9tait pas conforme, nous proc\u00e9derions \u00e0 une facturation compl\u00e9mentaire du montant diff\u00e9rentiel entre le tarif \u00ab R\u00e9sident \u00bb et le tarif \u00ab Normal \u00bb. Nous vous souhaitons de bonnes f\u00eates de fin d\u2019ann\u00e9e.<\/h15>\n<!--\n<a href=\"https:\/\/www.espaceabonne.fr\/SEMEPA\" target=\"_blank\" rel=\"noopener noreferrer\"><img loading=\"lazy\" decoding=\"async\" class=\"size-medium wp-image-761 aligncenter\" src=\"https:\/\/parkings-semepa.fr\/wp-content\/uploads\/2015\/11\/EspaceAbonne-300x72.png\" alt=\"\" width=\"300\" height=\"72\" srcset=\"https:\/\/parkings-semepa.fr\/wp-content\/uploads\/2015\/11\/EspaceAbonne-300x72.png 300w, https:\/\/parkings-semepa.fr\/wp-content\/uploads\/2015\/11\/EspaceAbonne-768x184.png 768w, https:\/\/parkings-semepa.fr\/wp-content\/uploads\/2015\/11\/EspaceAbonne-250x60.png 250w, https:\/\/parkings-semepa.fr\/wp-content\/uploads\/2015\/11\/EspaceAbonne-150x36.png 150w, https:\/\/parkings-semepa.fr\/wp-content\/uploads\/2015\/11\/EspaceAbonne.png 901w\" sizes=\"auto, (max-width: 300px) 100vw, 300px\" \/><\/a>\n-->\n<p><iframe loading=\"lazy\" src=\"https:\/\/www.espaceabonne.fr\/SEMEPA\" width=\"800\" height=\"600\"><\/iframe><\/p>\n<p>&nbsp;<\/p>\n","protected":false},"excerpt":{"rendered":"<p>Notes d&rsquo;InformationNote02 | Proc\u00e9dure acc\u00e8s abonn\u00e9s Chers abonn\u00e9s, Pendant le mois de d\u00e9cembre, notre service d\u2019administration des ventes v\u00e9rifie les documents que vous nous avez transmis pour constituer votre dossier d\u2019ayant droit au statut \u00ab R\u00e9sident \u00bb. La facturation de votre contrat aura lieu d\u00e9but janvier 2021. Si toutefois, une \u2026<\/p>\n","protected":false},"author":1,"featured_media":0,"parent":0,"menu_order":0,"comment_status":"closed","ping_status":"closed","template":"","meta":{"footnotes":""},"class_list":["post-10","page","type-page","status-publish","hentry"],"_links":{"self":[{"href":"https:\/\/parkings-semepa.fr\/index.php?rest_route=\/wp\/v2\/pages\/10","targetHints":{"allow":["GET"]}}],"collection":[{"href":"https:\/\/parkings-semepa.fr\/index.php?rest_route=\/wp\/v2\/pages"}],"about":[{"href":"https:\/\/parkings-semepa.fr\/index.php?rest_route=\/wp\/v2\/types\/page"}],"author":[{"embeddable":true,"href":"https:\/\/parkings-semepa.fr\/index.php?rest_route=\/wp\/v2\/users\/1"}],"replies":[{"embeddable":true,"href":"https:\/\/parkings-semepa.fr\/index.php?rest_route=%2Fwp%2Fv2%2Fcomments&post=10"}],"version-history":[{"count":68,"href":"https:\/\/parkings-semepa.fr\/index.php?rest_route=\/wp\/v2\/pages\/10\/revisions"}],"predecessor-version":[{"id":2650,"href":"https:\/\/parkings-semepa.fr\/index.php?rest_route=\/wp\/v2\/pages\/10\/revisions\/2650"}],"wp:attachment":[{"href":"https:\/\/parkings-semepa.fr\/index.php?rest_route=%2Fwp%2Fv2%2Fmedia&parent=10"}],"curies":[{"name":"wp","href":"https:\/\/api.w.org\/{rel}","templated":true}]}}